{"id":4798,"date":"2020-12-29T21:46:36","date_gmt":"2020-12-29T21:46:36","guid":{"rendered":"http:\/\/ceramicaterracuita.com\/tiendas\/"},"modified":"2025-10-11T22:25:41","modified_gmt":"2025-10-11T22:25:41","slug":"tendes-palma-santanyi-pollensa-mallorca","status":"publish","type":"page","link":"https:\/\/ceramicaterracuita.com\/ca\/tendes-palma-santanyi-pollensa-mallorca\/","title":{"rendered":"Tendes"},"content":{"rendered":"<div class=\"bt_bb_wrapper\"><section id=\"bt_bb_section69f3a9c12956b\"  class=\"bt_bb_section bt_bb_color_scheme_2 bt_bb_layout_wide bt_bb_full_screen bt_bb_vertical_align_middle\" ><div class=\"bt_bb_port\"><div class=\"bt_bb_cell\"><div class=\"bt_bb_cell_inner\"><div class=\"bt_bb_row_wrapper\"><div  class=\"bt_bb_row\" ><div  class=\"bt_bb_column col-xl-12 bt_bb_align_center bt_bb_vertical_align_top bt_bb_animation_fade_in animate bt_bb_padding_normal\"  data-width=\"12\" data-bt-override-class=\"{}\"><div class=\"bt_bb_column_content\"><div class=\"bt_bb_column_content_inner\"><div class=\"bt_bb_content_slider bt_bb_gap_no_gap bt_bb_arrows_size_normal bt_bb_show_dots_bottom bt_bb_height_full_screen bt_bb_animation_slide\"><div class=\"slick-slider\"  data-slick='{ \"lazyLoad\": \"progressive\", \"cssEase\": \"ease-out\", \"speed\": \"600\", \"prevArrow\": \"&lt;button type=\\\"button\\\" class=\\\"slick-prev\\\" aria-label=\\\"Previous\\\" tabindex=\\\"0\\\" role=\\\"button\\\"&gt;&lt;\/button&gt;\", \"nextArrow\": \"&lt;button type=\\\"button\\\" class=\\\"slick-next\\\" aria-label=\\\"Next\\\" tabindex=\\\"0\\\" role=\\\"button\\\"&gt;&lt;\/button&gt;\", \"adaptiveHeight\": true, \"dots\": true,\"autoplay\": true, \"autoplaySpeed\": 4000}' ><div class=\"bt_bb_content_slider_item\" style=\";background-image:url(https:\/\/ceramicaterracuita.com\/wp-content\/uploads\/2021\/04\/home2_principal1600x700.jpg)\"><div class=\"bt_bb_content_slider_item_content content\"><div class=\"tienda \">\n<div class=\"cajatienda\">\n<div class=\"headertienda\">\n<h2>Santany\u00ed<\/h2>\n<\/div>\n<div class=\"bodytienda\">\n\nEn aquest poble de bonics carrers de pedra i entorn natural privilegiat, molt proper al fabul\u00f3s Parc Natural de Mondrag\u00f3, trobes una de les nostres tendes TERRA Cer\u00e0mica. Est\u00e0 situada a ple centre de Santany\u00ed i en un dels carrers de vianants on s&#8217;organitzen els mercats setmanals, cada dimecres i dissabte, durant tot l&#8217;any. T&#8217;espera una gran varietat de peces \u00faniques d&#8217;artesania i cer\u00e0mica amb les nostres col\u00b7leccions m\u00e9s recents inspirades sempre a l&#8217;estil de vida de Mallorca.\nTenim una \u00e0mplia gamma de vaixelles, des de la m\u00e9s tradicional i r\u00fastica, a la m\u00e9s moderna.\n<\/div>\n<a href=\"\/ca\/contacte\"><div class=\"enlacetienda\">Veure localitzaci\u00f3<\/div><\/a>\n<\/div>\n<\/div><\/div><\/div><div class=\"bt_bb_content_slider_item\" style=\";background-image:url(https:\/\/ceramicaterracuita.com\/wp-content\/uploads\/2021\/04\/homePalma_principal1600x700.jpg)\"><div class=\"bt_bb_content_slider_item_content content\"><div class=\"tienda\">\n<div class=\"cajatienda\">\n<div class=\"headertienda\">\n<h2>Palma de Mallorca<\/h2>\n<\/div>\n<div class=\"bodytienda\">\nEn ple centre de la capital, en un dels barris amb m\u00e9s encant de Palma i amb una gran oferta gastron\u00f2mica, l\u00fadica i cultural, trobar\u00e0s una de les nostres boniques tendes, amb el seu encant de tenda de barri, l&#8217;exclusiva selecci\u00f3 de productes artesanals i per a la llar la fan realment \u00fanica.\nVine a descobrir les nostres col\u00b7leccions de cer\u00e0mica de producci\u00f3 pr\u00f2pia i deixa&#8217;t assessorar per qualsevol pe\u00e7a personalitzada de cer\u00e0mica que desitgis.\n<\/br>\nNo dubteu a visitar tamb\u00e9 les grans obres monumentals de la hist\u00f2ria mallorquina com La Seu, Sa Llotja i el Castell de Bellver, entre d&#8217;altres, aix\u00ed com de fer un descans en una terrasseta per prendre un bon caf\u00e8 i degustar la cl\u00e0ssica ensa\u00efmada mallorquina.\n\n<\/div>\n<a href=\"\/ca\/contacte\"><div class=\"enlacetienda\">Veure localitzaci\u00f3<\/div><\/a>\n<\/div>\n\n<\/div>\n\n<\/div><\/div><div class=\"bt_bb_content_slider_item\" style=\";background-image:url(https:\/\/ceramicaterracuita.com\/wp-content\/uploads\/2021\/04\/tienda_PPollensa_1600x700.jpg)\"><div class=\"bt_bb_content_slider_item_content content\"><div class=\"tienda\">\n<div class=\"cajatienda\">\n<div class=\"headertienda\">\n<h2>Port de Pollen\u00e7a<\/h2>\n<\/div>\n<div class=\"bodytienda\">\nMolt propera al moll de pescadors i al passeig de davant la mar, es troba la nostra tenda de cer\u00e0mica, cistelleria i altres articles d&#8217;artesania per la llar. Aquesta \u00e9s la tenda m\u00e9s pr\u00f2xima a la mar de TERRA Cer\u00e0mica Mallorca i, de recomanada visita si decidiu visitar Port de Pollen\u00e7a o si estau de pas per anar a veure algunes de les nombroses cales i racons de gran bellesa que ofereix Formentor.\n<br>\n<br>\nEl Port de Pollen\u00e7a, situat al nord-est de l&#8217;illa, \u00e9s un lloc que du d\u00e8cades atraient a un gran nombre de turistes, els mateixos que diuen que va servir d&#8217;inspiraci\u00f3 a Agatha Christie per escriure una de les seves novel\u00b7les. Descobreix per tu mateix per qu\u00e8 aquest dest\u00ed, situat entre muntanyes de la Tramuntana, t\u00e9 tant encant.\n<\/div>\n<a href=\"\/ca\/contacte\"><div class=\"enlacetienda\">Veure localitzaci\u00f3<\/div><\/a>\n<\/div>\n\n<\/div><\/div><\/div><\/div><\/div><\/div><\/div><\/div><\/div><\/div><\/div><\/div><\/div><\/section><section id=\"bt_bb_section69f3a9c129b2b\"  class=\"bt_bb_section bt_bb_top_spacing_medium bt_bb_bottom_spacing_normal bt_bb_layout_wide bt_bb_vertical_align_top\" style=\";background-color:#fcf8f2;\"><div class=\"bt_bb_port\"><div class=\"bt_bb_cell\"><div class=\"bt_bb_cell_inner\"><div class=\"bt_bb_row_wrapper\"><div  class=\"bt_bb_row\" ><div  class=\"bt_bb_column col-xl-12 bt_bb_align_left bt_bb_vertical_align_top bt_bb_padding_normal\"  data-width=\"12\" data-bt-override-class=\"{}\"><div class=\"bt_bb_column_content\"><div class=\"bt_bb_column_content_inner\"><header class=\"bt_bb_headline bt_bb_dash_none bt_bb_size_inherit bt_bb_align_center\" style=\"color:#d77804;\" data-bt-override-class=\"{&quot;bt_bb_size_&quot;:{&quot;current_class&quot;:&quot;bt_bb_size_inherit&quot;,&quot;xl&quot;:&quot;inherit&quot;},&quot;bt_bb_align_&quot;:{&quot;current_class&quot;:&quot;bt_bb_align_center&quot;,&quot;xl&quot;:&quot;center&quot;}}\"><h2 class=\"bt_bb_headline_tag\"><span class=\"bt_bb_headline_content\"><span>LES NOSTRES TENDES<\/span><\/span><\/h2><\/header><\/div><\/div><\/div><\/div><\/div><\/div><\/div><\/div><\/section><section id=\"bt_bb_section69f3a9c129c4e\"  class=\"bt_bb_section bt_bb_top_spacing_extra_small bt_bb_bottom_spacing_normal bt_bb_color_scheme_2 bt_bb_layout_boxed_1600 bt_bb_vertical_align_top\" style=\";background-color:#fcf8f2;\"><div class=\"bt_bb_port\"><div class=\"bt_bb_cell\"><div class=\"bt_bb_cell_inner\"><div class=\"bt_bb_row_wrapper\"><div  class=\"bt_bb_row\" ><div  class=\"bt_bb_column col-xl-3 bt_bb_align_left bt_bb_vertical_align_top bt_bb_padding_normal\"  data-width=\"3\" data-bt-override-class=\"{}\"><div class=\"bt_bb_column_content\"><div class=\"bt_bb_column_content_inner\"><div  class=\"bt_bb_row_inner\" ><div  class=\"bt_bb_column_inner col-xl-4 bt_bb_align_center bt_bb_vertical_align_top bt_bb_padding_normal\"  data-width=\"4\" data-bt-override-class=\"{}\"><div class=\"bt_bb_column_inner_content\"><div class=\"bt_bb_icon bt_bb_style_borderless bt_bb_size_large bt_bb_shape_circle bt_bb_align_inherit\" data-bt-override-class=\"{}\"><span  data-ico-icon7stroke=\"&#xe6bb;\" class=\"bt_bb_icon_holder\"><\/span><\/div><\/div><\/div><div  class=\"bt_bb_column_inner col-xl-8 bt_bb_align_left bt_bb_vertical_align_top\"  data-width=\"8\" data-bt-override-class=\"{}\"><div class=\"bt_bb_column_inner_content\"><div  class=\"bt_bb_text\" ><h6>SANTANY\u00cd<\/h6>\n<p class=\"p1\"><strong>Carrer Portell 15<br \/>\n07650 Santany\u00ed<br \/>\nT: +34 609 74 71 62<\/strong><\/p>\n<p>En ple centre de Santany\u00ed i en\u00a0<span class=\"hiddenGrammarError\">un<\/span>\u00a0dels carrers de vianants on\u00a0<span class=\"hiddenGrammarError\">s&#8217;<\/span>organitzen\u00a0els mercats\u00a0setmanals, cada dimecres i dissabte, durant tot l&#8217;any, t&#8217;espera una gran varietat de peces \u00faniques d&#8217;artesania i cer\u00e0mica inspirades en l&#8217;estil de vida de Mallorca.<\/p>\n<\/div><\/div><\/div><\/div><\/div><\/div><\/div><div  class=\"bt_bb_column col-xl-3 bt_bb_align_left bt_bb_vertical_align_top bt_bb_padding_normal\"  data-width=\"3\" data-bt-override-class=\"{}\"><div class=\"bt_bb_column_content\"><div class=\"bt_bb_column_content_inner\"><div  class=\"bt_bb_row_inner\" ><div  class=\"bt_bb_column_inner col-xl-4 bt_bb_align_center bt_bb_vertical_align_top bt_bb_padding_normal\"  data-width=\"4\" data-bt-override-class=\"{}\"><div class=\"bt_bb_column_inner_content\"><div class=\"bt_bb_icon bt_bb_style_borderless bt_bb_size_large bt_bb_shape_circle bt_bb_align_inherit\" data-bt-override-class=\"{}\"><span  data-ico-icon7stroke=\"&#xe6bb;\" class=\"bt_bb_icon_holder\"><\/span><\/div><\/div><\/div><div  class=\"bt_bb_column_inner col-xl-8 bt_bb_align_left bt_bb_vertical_align_top\"  data-width=\"8\" data-bt-override-class=\"{}\"><div class=\"bt_bb_column_inner_content\"><div  class=\"bt_bb_text\" ><h6>PALMA DE MALLORCA<\/h6>\n<p class=\"p1\"><strong>Carrer de la Protectora, 1<br \/>\n07012 Palma<br \/>\nT: +34 971 40 87 85<br \/>\n<\/strong><\/p>\n<p>En ple centre de Palma, trobar\u00e0s la nostra tenda TERRA Cer\u00e0mica, la qual l&#8217;exclusiva selecci\u00f3 de productes artesanals i per la llar la fan realment \u00fanica.<\/p>\n<\/div><\/div><\/div><\/div><\/div><\/div><\/div><div  class=\"bt_bb_column col-xl-3 bt_bb_align_left bt_bb_vertical_align_top bt_bb_padding_normal\"  data-width=\"3\" data-bt-override-class=\"{}\"><div class=\"bt_bb_column_content\"><div class=\"bt_bb_column_content_inner\"><div  class=\"bt_bb_row_inner\" ><div  class=\"bt_bb_column_inner col-xl-4 bt_bb_align_center bt_bb_vertical_align_top bt_bb_padding_normal\"  data-width=\"4\" data-bt-override-class=\"{}\"><div class=\"bt_bb_column_inner_content\"><div class=\"bt_bb_icon bt_bb_style_borderless bt_bb_size_large bt_bb_shape_circle bt_bb_align_inherit\" data-bt-override-class=\"{}\"><span  data-ico-icon7stroke=\"&#xe6bb;\" class=\"bt_bb_icon_holder\"><\/span><\/div><\/div><\/div><div  class=\"bt_bb_column_inner col-xl-8 bt_bb_align_left bt_bb_vertical_align_top\"  data-width=\"8\" data-bt-override-class=\"{}\"><div class=\"bt_bb_column_inner_content\"><div  class=\"bt_bb_text\" ><h6>PORT DE POLLEN\u00c7A<\/h6>\n<p class=\"p1\"><strong>Passeig d\u2019Anglada Camarasa, 89<br \/>\n07470 Port Pollen\u00e7a<\/strong><\/p>\n<p class=\"p1\"><strong>T: +34 971 86 57 77<\/strong><\/p>\n<p>Molt propera al moll de pescadors i al passeig de davant la mar, envoltada d&#8217;una gran oferta gastron\u00f2mica, es troba la nostra tenda TERRA Cer\u00e0mica, cistelleria i altres articles d&#8217;artesania per la llar.<\/p>\n<\/div><\/div><\/div><\/div><\/div><\/div><\/div><div  class=\"bt_bb_column col-xl-3 bt_bb_align_left bt_bb_vertical_align_top bt_bb_padding_normal\"  data-width=\"3\" data-bt-override-class=\"{}\"><div class=\"bt_bb_column_content\"><div class=\"bt_bb_column_content_inner\"><div  class=\"bt_bb_row_inner\" ><div  class=\"bt_bb_column_inner col-xl-4 bt_bb_align_center bt_bb_vertical_align_top bt_bb_padding_normal\"  data-width=\"4\" data-bt-override-class=\"{}\"><div class=\"bt_bb_column_inner_content\"><div class=\"bt_bb_icon bt_bb_style_borderless bt_bb_size_large bt_bb_shape_circle bt_bb_align_inherit\" data-bt-override-class=\"{}\"><span  data-ico-icon7stroke=\"&#xe6bb;\" class=\"bt_bb_icon_holder\"><\/span><\/div><\/div><\/div><div  class=\"bt_bb_column_inner col-xl-8 bt_bb_align_left bt_bb_vertical_align_top\"  data-width=\"8\" data-bt-override-class=\"{}\"><div class=\"bt_bb_column_inner_content\"><div  class=\"bt_bb_text\" ><h6>POLLEN\u00c7A<\/h6>\n<div class=\"desktop-title-content\">\n<p><strong>C\/ Miquel Costa i Llobera 5<br \/>\n<\/strong><strong><span class=\"desktop-title-subcontent\">07460 Pollen\u00e7a<\/span><\/strong><\/p>\n<p>La nostra tenda de Pollen\u00e7a est\u00e0 ubicada en un dels carrers de vianants del poble. Resulta ser el lloc idoni per trobar des de una bonica vaixella per la teva llar fins algun bell detall per regalar.<\/p>\n<\/div>\n<\/div><\/div><\/div><\/div><\/div><\/div><\/div><\/div><\/div><\/div><\/div><\/div><\/section><section id=\"bt_bb_section69f3a9c12a3c4\" data-parallax=\"0\" data-parallax-offset=\"0\" class=\"bt_bb_section bt_bb_layout_boxed_1600 bt_bb_vertical_align_top bt_bb_background_image bt_bb_parallax banner2\" style=\"background-image:url(&#039;https:\/\/ceramicaterracuita.com\/wp-content\/uploads\/2021\/02\/gres_detalle2_590px.jpg&#039;);display:none;\"><div class=\"bt_bb_port\"><div class=\"bt_bb_cell\"><div class=\"bt_bb_cell_inner\"><div class=\"bt_bb_row_wrapper\"><div  class=\"bt_bb_row\" ><div  class=\"bt_bb_column col-xl-12 bt_bb_align_center bt_bb_vertical_align_middle bt_bb_animation_fade_in animate bt_bb_padding_normal\" style=\"padding-left:20%; padding-right:20%;\" data-width=\"12\" data-bt-override-class=\"{&quot;bt_bb_align_&quot;:{&quot;current_class&quot;:&quot;bt_bb_align_center&quot;,&quot;xl&quot;:&quot;center&quot;}}\"><div class=\"bt_bb_column_content\"><div class=\"bt_bb_column_content_inner\"><div class=\"bt_bb_separator bt_bb_top_spacing_medium bt_bb_bottom_spacing_medium bt_bb_border_style_none\"><\/div><div  class=\"bt_bb_row_inner\" ><div  class=\"bt_bb_column_inner col-xl-12 bt_bb_align_center bt_bb_vertical_align_middle bt_bb_padding_normal\" style=\"padding:10px;background-color:rgba(10, 10, 10, 0.8);\" data-width=\"12\" data-bt-override-class=\"{&quot;bt_bb_align_&quot;:{&quot;current_class&quot;:&quot;bt_bb_align_center&quot;,&quot;xl&quot;:&quot;center&quot;}}\"><div class=\"bt_bb_column_inner_content\"><header class=\"bt_bb_headline bt_bb_color_scheme_13 bt_bb_dash_none bt_bb_size_medium bt_bb_align_center\" style=\"color:#c5a673; padding:10px;;color:#c5a673;border-color:#c5a673;\" data-bt-override-class=\"{&quot;bt_bb_size_&quot;:{&quot;current_class&quot;:&quot;bt_bb_size_medium&quot;,&quot;xl&quot;:&quot;medium&quot;},&quot;bt_bb_align_&quot;:{&quot;current_class&quot;:&quot;bt_bb_align_center&quot;,&quot;xl&quot;:&quot;center&quot;}}\"><h1 class=\"bt_bb_headline_tag\"><span class=\"bt_bb_headline_content\"><span>VISITA EL NOSTRE LIFESTYLE STORE A SANTANY\u00cd<\/span><\/span><\/h1><\/header><div class=\"bt_bb_separator bt_bb_top_spacing_normal bt_bb_border_style_none\"><\/div><div class=\"bt_bb_button bt_bb_icon_position_left bt_bb_style_outline bt_bb_size_small bt_bb_width_inline bt_bb_shape_inherit bt_bb_align_inherit\" style=\"color:#C5A673; border:1px solid #C5A673;\" data-bt-override-class=\"{&quot;bt_bb_size_&quot;:{&quot;current_class&quot;:&quot;bt_bb_size_small&quot;,&quot;xl&quot;:&quot;small&quot;},&quot;bt_bb_align_&quot;:{&quot;current_class&quot;:&quot;bt_bb_align_inherit&quot;,&quot;xl&quot;:&quot;inherit&quot;}}\"><a href=\"#\" target=\"_self\" class=\"bt_bb_link\" title=\"m\u00e9s info\"><span class=\"bt_bb_button_text\">m\u00e9s info<\/span><\/a><\/div><\/div><\/div><\/div><div class=\"bt_bb_separator bt_bb_top_spacing_medium bt_bb_bottom_spacing_medium bt_bb_border_style_none\"><\/div><\/div><\/div><\/div><\/div><\/div><\/div><\/div><\/div><\/section><\/div>","protected":false},"excerpt":{"rendered":"","protected":false},"author":1,"featured_media":0,"parent":0,"menu_order":0,"comment_status":"closed","ping_status":"closed","template":"","meta":[],"yoast_head":"<!-- This site is optimized with the Yoast SEO plugin v16.2 - https:\/\/yoast.com\/wordpress\/plugins\/seo\/ -->\n<title>Tendes - Terra Cer\u00e0mica Mallorca<\/title>\n<meta name=\"robots\" content=\"index, follow, max-snippet:-1, max-image-preview:large, max-video-preview:-1\" \/>\n<link rel=\"canonical\" href=\"https:\/\/ceramicaterracuita.com\/ca\/tendes-palma-santanyi-pollensa-mallorca\/\" \/>\n<meta property=\"og:locale\" content=\"ca_ES\" \/>\n<meta property=\"og:type\" content=\"article\" \/>\n<meta property=\"og:title\" content=\"Tendes - Terra Cer\u00e0mica Mallorca\" \/>\n<meta property=\"og:url\" content=\"https:\/\/ceramicaterracuita.com\/ca\/tendes-palma-santanyi-pollensa-mallorca\/\" \/>\n<meta property=\"og:site_name\" content=\"Terra Cer\u00e0mica Mallorca\" \/>\n<meta property=\"article:modified_time\" content=\"2025-10-11T22:25:41+00:00\" \/>\n<meta name=\"twitter:card\" content=\"summary_large_image\" \/>\n<meta name=\"twitter:label1\" content=\"Temps estimat de lectura\">\n\t<meta name=\"twitter:data1\" content=\"4 minuts\">\n<script type=\"application\/ld+json\" class=\"yoast-schema-graph\">{\"@context\":\"https:\/\/schema.org\",\"@graph\":[{\"@type\":\"Organization\",\"@id\":\"https:\/\/ceramicaterracuita.com\/#organization\",\"name\":\"Terra Cer\\u00e1mica Mallorca\",\"url\":\"https:\/\/ceramicaterracuita.com\/\",\"sameAs\":[],\"logo\":{\"@type\":\"ImageObject\",\"@id\":\"https:\/\/ceramicaterracuita.com\/#logo\",\"inLanguage\":\"ca\",\"url\":\"https:\/\/ceramicaterracuita.com\/wp-content\/uploads\/2021\/01\/logo_transp.png\",\"contentUrl\":\"https:\/\/ceramicaterracuita.com\/wp-content\/uploads\/2021\/01\/logo_transp.png\",\"width\":230,\"height\":80,\"caption\":\"Terra Cer\\u00e1mica Mallorca\"},\"image\":{\"@id\":\"https:\/\/ceramicaterracuita.com\/#logo\"}},{\"@type\":\"WebSite\",\"@id\":\"https:\/\/ceramicaterracuita.com\/#website\",\"url\":\"https:\/\/ceramicaterracuita.com\/\",\"name\":\"Terra Cer\\u00e0mica Mallorca\",\"description\":\"F\\u00e1brica cer\\u00e1mica Mallorca portal Terra Cuita, artesania barro fabrica Mallorca, productos t\\u00edpicos Mallorca decoraci\\u00f3n vajilla artesana.\",\"publisher\":{\"@id\":\"https:\/\/ceramicaterracuita.com\/#organization\"},\"potentialAction\":[{\"@type\":\"SearchAction\",\"target\":\"https:\/\/ceramicaterracuita.com\/?s={search_term_string}\",\"query-input\":\"required name=search_term_string\"}],\"inLanguage\":\"ca\"},{\"@type\":\"WebPage\",\"@id\":\"https:\/\/ceramicaterracuita.com\/ca\/tendes-palma-santanyi-pollensa-mallorca\/#webpage\",\"url\":\"https:\/\/ceramicaterracuita.com\/ca\/tendes-palma-santanyi-pollensa-mallorca\/\",\"name\":\"Tendes - Terra Cer\\u00e0mica Mallorca\",\"isPartOf\":{\"@id\":\"https:\/\/ceramicaterracuita.com\/#website\"},\"datePublished\":\"2020-12-29T21:46:36+00:00\",\"dateModified\":\"2025-10-11T22:25:41+00:00\",\"breadcrumb\":{\"@id\":\"https:\/\/ceramicaterracuita.com\/ca\/tendes-palma-santanyi-pollensa-mallorca\/#breadcrumb\"},\"inLanguage\":\"ca\",\"potentialAction\":[{\"@type\":\"ReadAction\",\"target\":[\"https:\/\/ceramicaterracuita.com\/ca\/tendes-palma-santanyi-pollensa-mallorca\/\"]}]},{\"@type\":\"BreadcrumbList\",\"@id\":\"https:\/\/ceramicaterracuita.com\/ca\/tendes-palma-santanyi-pollensa-mallorca\/#breadcrumb\",\"itemListElement\":[{\"@type\":\"ListItem\",\"position\":1,\"item\":{\"@type\":\"WebPage\",\"@id\":\"https:\/\/ceramicaterracuita.com\/ca\/\",\"url\":\"https:\/\/ceramicaterracuita.com\/ca\/\",\"name\":\"Portada\"}},{\"@type\":\"ListItem\",\"position\":2,\"item\":{\"@id\":\"https:\/\/ceramicaterracuita.com\/ca\/tendes-palma-santanyi-pollensa-mallorca\/#webpage\"}}]}]}<\/script>\n<!-- \/ Yoast SEO plugin. -->","_links":{"self":[{"href":"https:\/\/ceramicaterracuita.com\/ca\/wp-json\/wp\/v2\/pages\/4798"}],"collection":[{"href":"https:\/\/ceramicaterracuita.com\/ca\/wp-json\/wp\/v2\/pages"}],"about":[{"href":"https:\/\/ceramicaterracuita.com\/ca\/wp-json\/wp\/v2\/types\/page"}],"author":[{"embeddable":true,"href":"https:\/\/ceramicaterracuita.com\/ca\/wp-json\/wp\/v2\/users\/1"}],"replies":[{"embeddable":true,"href":"https:\/\/ceramicaterracuita.com\/ca\/wp-json\/wp\/v2\/comments?post=4798"}],"version-history":[{"count":21,"href":"https:\/\/ceramicaterracuita.com\/ca\/wp-json\/wp\/v2\/pages\/4798\/revisions"}],"predecessor-version":[{"id":5841,"href":"https:\/\/ceramicaterracuita.com\/ca\/wp-json\/wp\/v2\/pages\/4798\/revisions\/5841"}],"wp:attachment":[{"href":"https:\/\/ceramicaterracuita.com\/ca\/wp-json\/wp\/v2\/media?parent=4798"}],"curies":[{"name":"wp","href":"https:\/\/api.w.org\/{rel}","templated":true}]}}